{"id":83325,"date":"2026-02-08T14:46:27","date_gmt":"2026-02-08T14:46:27","guid":{"rendered":"https:\/\/studioauconta.it\/qui-nous-sommes\/"},"modified":"2026-04-16T10:06:56","modified_gmt":"2026-04-16T10:06:56","slug":"qui-nous-sommes","status":"publish","type":"page","link":"https:\/\/studioauconta.it\/fr\/qui-nous-sommes\/","title":{"rendered":"QUI NOUS SOMMES"},"content":{"rendered":"<p>[et_pb_section fb_built=\u00a0\u00bb1&Prime; _builder_version=\u00a0\u00bb4.27.5&Prime; _module_preset=\u00a0\u00bbdefault\u00a0\u00bb use_background_color_gradient=\u00a0\u00bbon\u00a0\u00bb background_color_gradient_stops=\u00a0\u00bbrgba(10,20,14,0.79) 0%|rgba(60,59,57,0.43) 100%\u00a0\u00bb background_color_gradient_overlays_image=\u00a0\u00bbon\u00a0\u00bb background_image=\u00a0\u00bbhttps:\/\/studioauconta.it\/wp-content\/uploads\/2026\/02\/PHOTO-2026-02-13-16-00-42.jpg\u00a0\u00bb height=\u00a0\u00bb90vh\u00a0\u00bb height_tablet=\u00a0\u00bb90vh\u00a0\u00bb height_phone=\u00a0\u00bb70vh\u00a0\u00bb height_last_edited=\u00a0\u00bbon|phone\u00a0\u00bb animation_style=\u00a0\u00bbfade\u00a0\u00bb animation_duration=\u00a0\u00bb600ms\u00a0\u00bb global_colors_info=\u00a0\u00bb{}\u00a0\u00bb][et_pb_row use_custom_gutter=\u00a0\u00bbon\u00a0\u00bb gutter_width=\u00a0\u00bb2&Prime; make_equal=\u00a0\u00bbon\u00a0\u00bb _builder_version=\u00a0\u00bb4.27.5&Prime; _module_preset=\u00a0\u00bbdefault\u00a0\u00bb positioning=\u00a0\u00bbabsolute\u00a0\u00bb position_origin_a=\u00a0\u00bbcenter_center\u00a0\u00bb width=\u00a0\u00bb90%\u00a0\u00bb max_width=\u00a0\u00bb1140px\u00a0\u00bb custom_margin=\u00a0\u00bb0px||0px||false|false\u00a0\u00bb custom_padding=\u00a0\u00bb0px||0px||false|false\u00a0\u00bb global_colors_info=\u00a0\u00bb{}\u00a0\u00bb][et_pb_column type=\u00a0\u00bb4_4&Prime; _builder_version=\u00a0\u00bb4.17.3&Prime; _module_preset=\u00a0\u00bbdefault\u00a0\u00bb global_colors_info=\u00a0\u00bb{}\u00a0\u00bb][et_pb_text _builder_version=\u00a0\u00bb4.27.5&Prime; _module_preset=\u00a0\u00bbdefault\u00a0\u00bb header_font=\u00a0\u00bbMulish|800|||||||\u00a0\u00bb header_text_align=\u00a0\u00bbleft\u00a0\u00bb header_text_color=\u00a0\u00bb#FFFFFF\u00a0\u00bb header_font_size=\u00a0\u00bb60px\u00a0\u00bb header_letter_spacing=\u00a0\u00bb-1px\u00a0\u00bb custom_margin=\u00a0\u00bb0px||0px||false|false\u00a0\u00bb custom_padding=\u00a0\u00bb0px||0px||false|false\u00a0\u00bb animation_style=\u00a0\u00bbslide\u00a0\u00bb animation_direction=\u00a0\u00bbbottom\u00a0\u00bb animation_delay=\u00a0\u00bb200ms\u00a0\u00bb animation_intensity_slide=\u00a0\u00bb15%\u00a0\u00bb header_font_size_tablet=\u00a0\u00bb75px\u00a0\u00bb header_font_size_phone=\u00a0\u00bb30px\u00a0\u00bb header_font_size_last_edited=\u00a0\u00bbon|phone\u00a0\u00bb global_colors_info=\u00a0\u00bb{}\u00a0\u00bb]<\/p>\n<h1>Tradition comptable,<br \/>vision contemporaine<\/h1>\n<p>[\/et_pb_text][et_pb_text _builder_version=\u00a0\u00bb4.27.5&Prime; _module_preset=\u00a0\u00bbdefault\u00a0\u00bb text_font=\u00a0\u00bbRoboto Condensed||||||||\u00a0\u00bb text_text_color=\u00a0\u00bb#FFFFFF\u00a0\u00bb text_font_size=\u00a0\u00bb18px\u00a0\u00bb text_line_height=\u00a0\u00bb1.4em\u00a0\u00bb custom_margin=\u00a0\u00bb15px||38px||false|false\u00a0\u00bb custom_padding=\u00a0\u00bb0px||0px||false|false\u00a0\u00bb animation_style=\u00a0\u00bbslide\u00a0\u00bb animation_direction=\u00a0\u00bbbottom\u00a0\u00bb animation_delay=\u00a0\u00bb400ms\u00a0\u00bb animation_intensity_slide=\u00a0\u00bb15%\u00a0\u00bb text_font_size_tablet=\u00a0\u00bb20px\u00a0\u00bb text_font_size_phone=\u00a0\u00bb15px\u00a0\u00bb text_font_size_last_edited=\u00a0\u00bbon|phone\u00a0\u00bb global_colors_info=\u00a0\u00bb{}\u00a0\u00bb]<\/p>\n<p>D\u00e9couvrez l&rsquo;histoire et les valeurs du cabinet Auconta : une \u00e9quipe de professionnels d\u00e9di\u00e9e \u00e0 la croissance et \u00e0 la s\u00e9curit\u00e9 de votre entreprise gr\u00e2ce \u00e0 un service de conseils int\u00e9gr\u00e9s et innovants.<\/p>\n<p>[\/et_pb_text][et_pb_button button_url=\u00a0\u00bbhttp:\/\/<!--%91CDATA%91#contatti%93%93-->\u00a0\u00bb button_text=\u00a0\u00bbEn savoir plus\u00a0\u00bb button_alignment=\u00a0\u00bbleft\u00a0\u00bb _builder_version=\u00a0\u00bb4.27.5&Prime; _module_preset=\u00a0\u00bbdefault\u00a0\u00bb custom_button=\u00a0\u00bbon\u00a0\u00bb button_text_size=\u00a0\u00bb16px\u00a0\u00bb button_text_color=\u00a0\u00bb#FFFFFF\u00a0\u00bb button_bg_color=\u00a0\u00bbgcid-bb25610c-cfcd-4c90-9999-ca581a11c7b0&Prime; button_border_color=\u00a0\u00bbRGBA(255,255,255,0)\u00a0\u00bb button_border_radius=\u00a0\u00bb4px\u00a0\u00bb button_font=\u00a0\u00bbMulish|800|||||||\u00a0\u00bb button_use_icon=\u00a0\u00bboff\u00a0\u00bb custom_margin=\u00a0\u00bb0px||0px||false|false\u00a0\u00bb custom_padding=\u00a0\u00bb18px|50px|18px|50px|true|true\u00a0\u00bb animation_style=\u00a0\u00bbslide\u00a0\u00bb animation_direction=\u00a0\u00bbbottom\u00a0\u00bb animation_delay=\u00a0\u00bb600ms\u00a0\u00bb animation_intensity_slide=\u00a0\u00bb15%\u00a0\u00bb global_colors_info=\u00a0\u00bb{%22gcid-bb25610c-cfcd-4c90-9999-ca581a11c7b0%22:%91%22button_bg_color%22%93,%22gcid-7368f417-2e15-4e4a-8379-a1ab1543c9b6%22:%91%22button_bg_color__hover%22%93}\u00a0\u00bb button_text_color__hover_enabled=\u00a0\u00bbon|hover\u00a0\u00bb button_text_color__hover=\u00a0\u00bb#FFFFFF\u00a0\u00bb button_bg_color__hover_enabled=\u00a0\u00bbon|hover\u00a0\u00bb button_bg_color__hover=\u00a0\u00bb#5e9b71&Prime; button_bg_enable_color__hover=\u00a0\u00bbon\u00a0\u00bb button_letter_spacing__hover_enabled=\u00a0\u00bbon|hover\u00a0\u00bb button_letter_spacing__hover=\u00a0\u00bb0px\u00a0\u00bb][\/et_pb_button][\/et_pb_column][\/et_pb_row][\/et_pb_section][et_pb_section fb_built=\u00a0\u00bb1&Prime; _builder_version=\u00a0\u00bb4.27.5&Prime; _module_preset=\u00a0\u00bbdefault\u00a0\u00bb background_color=\u00a0\u00bb#f7f8fa\u00a0\u00bb global_colors_info=\u00a0\u00bb{}\u00a0\u00bb][et_pb_row column_structure=\u00a0\u00bb1_2,1_2&Prime; use_custom_gutter=\u00a0\u00bbon\u00a0\u00bb make_equal=\u00a0\u00bbon\u00a0\u00bb _builder_version=\u00a0\u00bb4.27.5&Prime; _module_preset=\u00a0\u00bbdefault\u00a0\u00bb width=\u00a0\u00bb90%\u00a0\u00bb max_width=\u00a0\u00bb1140px\u00a0\u00bb custom_margin=\u00a0\u00bb0px||0px||false|false\u00a0\u00bb custom_padding=\u00a0\u00bb0px||0px||false|false\u00a0\u00bb locked=\u00a0\u00bboff\u00a0\u00bb global_colors_info=\u00a0\u00bb{}\u00a0\u00bb][et_pb_column type=\u00a0\u00bb1_2&Prime; _builder_version=\u00a0\u00bb4.27.5&Prime; _module_preset=\u00a0\u00bbdefault\u00a0\u00bb background_enable_image=\u00a0\u00bboff\u00a0\u00bb global_colors_info=\u00a0\u00bb{}\u00a0\u00bb][et_pb_divider show_divider=\u00a0\u00bboff\u00a0\u00bb _builder_version=\u00a0\u00bb4.27.5&Prime; _module_preset=\u00a0\u00bbdefault\u00a0\u00bb background_image=\u00a0\u00bbhttps:\/\/studioauconta.it\/wp-content\/uploads\/2026\/02\/SAVV5670-scaled.jpg\u00a0\u00bb height=\u00a0\u00bb350px\u00a0\u00bb height_tablet=\u00a0\u00bb\u00a0\u00bb height_phone=\u00a0\u00bb250px\u00a0\u00bb height_last_edited=\u00a0\u00bbon|phone\u00a0\u00bb global_colors_info=\u00a0\u00bb{}\u00a0\u00bb][\/et_pb_divider][\/et_pb_column][et_pb_column type=\u00a0\u00bb1_2&Prime; _builder_version=\u00a0\u00bb4.27.5&Prime; _module_preset=\u00a0\u00bbdefault\u00a0\u00bb global_colors_info=\u00a0\u00bb{}\u00a0\u00bb][et_pb_text _builder_version=\u00a0\u00bb4.27.5&Prime; _module_preset=\u00a0\u00bbdefault\u00a0\u00bb header_2_font=\u00a0\u00bbMulish|800|||||||\u00a0\u00bb header_2_text_align=\u00a0\u00bbleft\u00a0\u00bb header_2_text_color=\u00a0\u00bb#184341&Prime; header_2_font_size=\u00a0\u00bb38px\u00a0\u00bb header_2_letter_spacing=\u00a0\u00bb-1px\u00a0\u00bb header_2_line_height=\u00a0\u00bb1.2em\u00a0\u00bb custom_margin=\u00a0\u00bb0px||10px||false|false\u00a0\u00bb custom_padding=\u00a0\u00bb0px||0px||false|false\u00a0\u00bb animation_style=\u00a0\u00bbslide\u00a0\u00bb animation_direction=\u00a0\u00bbbottom\u00a0\u00bb animation_delay=\u00a0\u00bb200ms\u00a0\u00bb header_2_font_size_tablet=\u00a0\u00bb41px\u00a0\u00bb header_2_font_size_phone=\u00a0\u00bb30px\u00a0\u00bb header_2_font_size_last_edited=\u00a0\u00bbon|phone\u00a0\u00bb global_colors_info=\u00a0\u00bb{}\u00a0\u00bb]<\/p>\n<h2>Un cabinet unique<\/h2>\n<p>[\/et_pb_text][et_pb_text _builder_version=\u00a0\u00bb4.27.5&Prime; _module_preset=\u00a0\u00bbdefault\u00a0\u00bb text_font=\u00a0\u00bbRoboto Condensed||||||||\u00a0\u00bb text_text_color=\u00a0\u00bb#5f6973&Prime; text_font_size=\u00a0\u00bb15px\u00a0\u00bb text_line_height=\u00a0\u00bb1.6em\u00a0\u00bb custom_margin=\u00a0\u00bb0px||38px||false|false\u00a0\u00bb custom_margin_tablet=\u00a0\u00bb0px||38px||false|false\u00a0\u00bb custom_margin_phone=\u00a0\u00bb||45px||false|false\u00a0\u00bb custom_margin_last_edited=\u00a0\u00bbon|tablet\u00a0\u00bb custom_padding=\u00a0\u00bb0px||0px||false|false\u00a0\u00bb animation_style=\u00a0\u00bbslide\u00a0\u00bb animation_direction=\u00a0\u00bbbottom\u00a0\u00bb animation_delay=\u00a0\u00bb400ms\u00a0\u00bb global_colors_info=\u00a0\u00bb{}\u00a0\u00bb]<\/p>\n<p class=\"p1\">Le cabinet Auconta est un cabinet professionnel reconnu<span class=\"Apple-converted-space\">  <\/span>qui fournit des services fiscaux et de conseil multidisciplinaires. Bas\u00e9 \u00e0 Vintimille, il dispose d\u2019un vaste r\u00e9seau professionnel.<span class=\"Apple-converted-space\">  <\/span>C\u2019est une structure dynamique et innovante qui analyse attentivement les besoins, les id\u00e9es et les d\u00e9fis de ses clients en leur proposant des solutions sur mesure pour assurer leur r\u00e9ussite.  <span class=\"Apple-converted-space\">  <\/span>Les comp\u00e9tences du cabinet couvrent un large \u00e9ventail de services destin\u00e9s aux soci\u00e9t\u00e9s(de leur constitution \u00e0 la gestion administrative, fiscale, comptable, tributaire et du travail, avec la gestion de toutes les obligations p\u00e9riodiques et annuelles : de l\u2019identification aux remboursements fiscaux, en passant par les d\u00e9clarations p\u00e9riodiques et annuelles, ainsi que la pr\u00e9paration des d\u00e9clarations fiscales. De plus, le cabinet s\u2019occupe de l\u2019\u00e9valuation d\u2019entreprises. <span class=\"Apple-converted-space\">  <\/span>Parmi les autres services propos\u00e9s par le cabinet Auconta, on trouve enfin le conseil fiscal (soci\u00e9taire et d&rsquo;entreprise, y compris \u00e0 l&rsquo;international), la double imposition, le conseil immobilier et le Family Office.<\/p>\n<p>[\/et_pb_text][\/et_pb_column][\/et_pb_row][\/et_pb_section][et_pb_section fb_built=\u00a0\u00bb1&Prime; custom_padding_last_edited=\u00a0\u00bbon|phone\u00a0\u00bb _builder_version=\u00a0\u00bb4.27.5&Prime; _module_preset=\u00a0\u00bbdefault\u00a0\u00bb background_color=\u00a0\u00bb#1c3423&Prime; background_enable_image=\u00a0\u00bboff\u00a0\u00bb custom_margin=\u00a0\u00bb0px||0px||false|false\u00a0\u00bb custom_padding=\u00a0\u00bb85px||100px||false|false\u00a0\u00bb custom_padding_tablet=\u00a0\u00bb85px||100px||false|false\u00a0\u00bb custom_padding_phone=\u00a0\u00bb82px||90px||false|false\u00a0\u00bb global_colors_info=\u00a0\u00bb{}\u00a0\u00bb][et_pb_row column_structure=\u00a0\u00bb1_2,1_2&Prime; use_custom_gutter=\u00a0\u00bbon\u00a0\u00bb gutter_width=\u00a0\u00bb1&Prime; _builder_version=\u00a0\u00bb4.22.0&Prime; _module_preset=\u00a0\u00bbdefault\u00a0\u00bb width=\u00a0\u00bb90%\u00a0\u00bb max_width=\u00a0\u00bb1170px\u00a0\u00bb custom_margin=\u00a0\u00bb0px||70px||false|false\u00a0\u00bb custom_margin_tablet=\u00a0\u00bb0px||70px||false|false\u00a0\u00bb custom_margin_phone=\u00a0\u00bb0px||60px||false|false\u00a0\u00bb custom_margin_last_edited=\u00a0\u00bbon|phone\u00a0\u00bb custom_padding=\u00a0\u00bb0px||0px||false|false\u00a0\u00bb animation_style=\u00a0\u00bbfade\u00a0\u00bb animation_delay=\u00a0\u00bb500ms\u00a0\u00bb animation_speed_curve=\u00a0\u00bbease\u00a0\u00bb global_colors_info=\u00a0\u00bb{}\u00a0\u00bb][et_pb_column type=\u00a0\u00bb1_2&Prime; _builder_version=\u00a0\u00bb4.22.0&Prime; _module_preset=\u00a0\u00bbdefault\u00a0\u00bb global_colors_info=\u00a0\u00bb{}\u00a0\u00bb][et_pb_text _builder_version=\u00a0\u00bb4.27.5&Prime; _module_preset=\u00a0\u00bbdefault\u00a0\u00bb header_2_font=\u00a0\u00bbBarlow|600|||||||\u00a0\u00bb header_2_text_align=\u00a0\u00bbleft\u00a0\u00bb header_2_text_color=\u00a0\u00bb#FFFFFF\u00a0\u00bb header_2_font_size=\u00a0\u00bb50px\u00a0\u00bb header_2_line_height=\u00a0\u00bb1.2em\u00a0\u00bb max_width_tablet=\u00a0\u00bb100%\u00a0\u00bb max_width_phone=\u00a0\u00bb100%\u00a0\u00bb max_width_last_edited=\u00a0\u00bbon|tablet\u00a0\u00bb custom_margin=\u00a0\u00bb0px||0px||false|false\u00a0\u00bb custom_margin_tablet=\u00a0\u00bb0px||20px||false|false\u00a0\u00bb custom_margin_phone=\u00a0\u00bb0px||0px||false|false\u00a0\u00bb custom_margin_last_edited=\u00a0\u00bbon|tablet\u00a0\u00bb custom_padding=\u00a0\u00bb0px||0px||false|false\u00a0\u00bb header_2_font_size_tablet=\u00a0\u00bb50px\u00a0\u00bb header_2_font_size_phone=\u00a0\u00bb30px\u00a0\u00bb header_2_font_size_last_edited=\u00a0\u00bbon|tablet\u00a0\u00bb global_colors_info=\u00a0\u00bb{}\u00a0\u00bb]<\/p>\n<h2>Notre \u00e9quipe<\/h2>\n<p>[\/et_pb_text][\/et_pb_column][et_pb_column type=\u00a0\u00bb1_2&Prime; _builder_version=\u00a0\u00bb4.22.0&Prime; _module_preset=\u00a0\u00bbdefault\u00a0\u00bb global_colors_info=\u00a0\u00bb{}\u00a0\u00bb][\/et_pb_column][\/et_pb_row][et_pb_row column_structure=\u00a0\u00bb1_3,2_3&Prime; use_custom_gutter=\u00a0\u00bbon\u00a0\u00bb gutter_width=\u00a0\u00bb1&Prime; make_equal=\u00a0\u00bbon\u00a0\u00bb _builder_version=\u00a0\u00bb4.27.5&Prime; _module_preset=\u00a0\u00bbdefault\u00a0\u00bb background_color=\u00a0\u00bb#FFFFFF\u00a0\u00bb width=\u00a0\u00bb90%\u00a0\u00bb max_width=\u00a0\u00bb1170px\u00a0\u00bb custom_margin=\u00a0\u00bb3%||0px||false|false\u00a0\u00bb custom_padding=\u00a0\u00bb0px||0px||false|false\u00a0\u00bb animation_style=\u00a0\u00bbfade\u00a0\u00bb animation_delay=\u00a0\u00bb500ms\u00a0\u00bb animation_speed_curve=\u00a0\u00bbease\u00a0\u00bb global_colors_info=\u00a0\u00bb{}\u00a0\u00bb][et_pb_column type=\u00a0\u00bb1_3&Prime; _builder_version=\u00a0\u00bb4.22.0&Prime; _module_preset=\u00a0\u00bbdefault\u00a0\u00bb global_colors_info=\u00a0\u00bb{}\u00a0\u00bb][et_pb_divider show_divider=\u00a0\u00bboff\u00a0\u00bb _builder_version=\u00a0\u00bb4.27.5&Prime; _module_preset=\u00a0\u00bbdefault\u00a0\u00bb background_image=\u00a0\u00bbhttps:\/\/studioauconta.it\/wp-content\/uploads\/2026\/02\/SAVV6074-scaled.jpg\u00a0\u00bb background_position=\u00a0\u00bbtop_center\u00a0\u00bb height=\u00a0\u00bb450px\u00a0\u00bb global_colors_info=\u00a0\u00bb{}\u00a0\u00bb][\/et_pb_divider][\/et_pb_column][et_pb_column type=\u00a0\u00bb2_3&Prime; _builder_version=\u00a0\u00bb4.27.5&Prime; _module_preset=\u00a0\u00bbdefault\u00a0\u00bb custom_padding=\u00a0\u00bb|95px||95px|false|false\u00a0\u00bb custom_padding_tablet=\u00a0\u00bb70px|50px|70px|50px|false|false\u00a0\u00bb custom_padding_phone=\u00a0\u00bb50px|20px|50px|20px|false|false\u00a0\u00bb custom_padding_last_edited=\u00a0\u00bbon|tablet\u00a0\u00bb custom_css_main_element=\u00a0\u00bbmargin: auto;\u00a0\u00bb global_colors_info=\u00a0\u00bb{}\u00a0\u00bb][et_pb_text _builder_version=\u00a0\u00bb4.27.5&Prime; _module_preset=\u00a0\u00bbdefault\u00a0\u00bb header_2_font=\u00a0\u00bbMulish|800|||||||\u00a0\u00bb header_2_text_align=\u00a0\u00bbleft\u00a0\u00bb header_2_text_color=\u00a0\u00bb#184341&Prime; header_2_font_size=\u00a0\u00bb38px\u00a0\u00bb header_2_letter_spacing=\u00a0\u00bb-1px\u00a0\u00bb header_2_line_height=\u00a0\u00bb1.2em\u00a0\u00bb header_3_font=\u00a0\u00bbMulish|800|||||||\u00a0\u00bb header_3_text_align=\u00a0\u00bbleft\u00a0\u00bb header_3_text_color=\u00a0\u00bb#184341&Prime; header_3_font_size=\u00a0\u00bb38px\u00a0\u00bb header_3_letter_spacing=\u00a0\u00bb-1px\u00a0\u00bb header_3_line_height=\u00a0\u00bb1.2em\u00a0\u00bb custom_margin=\u00a0\u00bb0px||||false|false\u00a0\u00bb custom_padding=\u00a0\u00bb0px||0px||false|false\u00a0\u00bb animation_style=\u00a0\u00bbslide\u00a0\u00bb animation_direction=\u00a0\u00bbbottom\u00a0\u00bb animation_delay=\u00a0\u00bb200ms\u00a0\u00bb header_2_font_size_tablet=\u00a0\u00bb41px\u00a0\u00bb header_2_font_size_phone=\u00a0\u00bb30px\u00a0\u00bb header_2_font_size_last_edited=\u00a0\u00bbon|phone\u00a0\u00bb header_3_font_size_tablet=\u00a0\u00bb41px\u00a0\u00bb header_3_font_size_phone=\u00a0\u00bb30px\u00a0\u00bb header_3_font_size_last_edited=\u00a0\u00bbon|phone\u00a0\u00bb global_colors_info=\u00a0\u00bb{}\u00a0\u00bb]<\/p>\n<h3>Barbara Vernazza<\/h3>\n<p>[\/et_pb_text][et_pb_text _builder_version=\u00a0\u00bb4.27.5&Prime; _module_preset=\u00a0\u00bbdefault\u00a0\u00bb text_font=\u00a0\u00bb&#8211;et_global_body_font||||||||\u00a0\u00bb text_text_color=\u00a0\u00bb#3C3B39&Prime; text_font_size=\u00a0\u00bb19px\u00a0\u00bb text_line_height=\u00a0\u00bb1.4em\u00a0\u00bb custom_margin=\u00a0\u00bb0px||19px||false|false\u00a0\u00bb custom_margin_phone=\u00a0\u00bb0px||0px||false|false\u00a0\u00bb custom_margin_last_edited=\u00a0\u00bboff|desktop\u00a0\u00bb custom_padding=\u00a0\u00bb0px||0px||false|false\u00a0\u00bb global_colors_info=\u00a0\u00bb{}\u00a0\u00bb]<\/p>\n<p class=\"p1\">Dipl\u00f4m\u00e9e en finance d&rsquo;entreprise et march\u00e9s financiers de l&rsquo;Universit\u00e9 de Turin, elle a acquis de l&rsquo;exp\u00e9rience au sein de cabinets d&rsquo;envergure internationale. Elle est inscrite au registre de l&rsquo;Association italienne des fiscalistes et au registre des experts-comptables et comptables agr\u00e9\u00e9s d&rsquo;Imperia (n\u00b0 438\/A) et membre du comit\u00e9 pour l&rsquo;\u00e9galit\u00e9 des chances de l&rsquo;ordre d&amp;#39;Imperia. Au sein du cabinet, elle est charg\u00e9e du conseil aux entreprises, avec une sp\u00e9cialisation dans le domaine international.<\/p>\n<p>[\/et_pb_text][\/et_pb_column][\/et_pb_row][et_pb_row column_structure=\u00a0\u00bb1_3,2_3&Prime; use_custom_gutter=\u00a0\u00bbon\u00a0\u00bb gutter_width=\u00a0\u00bb1&Prime; make_equal=\u00a0\u00bbon\u00a0\u00bb _builder_version=\u00a0\u00bb4.27.5&Prime; _module_preset=\u00a0\u00bbdefault\u00a0\u00bb background_color=\u00a0\u00bb#FFFFFF\u00a0\u00bb width=\u00a0\u00bb90%\u00a0\u00bb max_width=\u00a0\u00bb1170px\u00a0\u00bb custom_margin=\u00a0\u00bb3%||0px||false|false\u00a0\u00bb custom_padding=\u00a0\u00bb0px||0px||false|false\u00a0\u00bb animation_style=\u00a0\u00bbfade\u00a0\u00bb animation_delay=\u00a0\u00bb500ms\u00a0\u00bb animation_speed_curve=\u00a0\u00bbease\u00a0\u00bb global_colors_info=\u00a0\u00bb{}\u00a0\u00bb][et_pb_column type=\u00a0\u00bb1_3&Prime; _builder_version=\u00a0\u00bb4.22.0&Prime; _module_preset=\u00a0\u00bbdefault\u00a0\u00bb global_colors_info=\u00a0\u00bb{}\u00a0\u00bb][et_pb_divider show_divider=\u00a0\u00bboff\u00a0\u00bb _builder_version=\u00a0\u00bb4.27.5&Prime; _module_preset=\u00a0\u00bbdefault\u00a0\u00bb background_image=\u00a0\u00bbhttps:\/\/studioauconta.it\/wp-content\/uploads\/2026\/02\/SAVV6207-scaled.jpg\u00a0\u00bb background_position=\u00a0\u00bbtop_center\u00a0\u00bb height=\u00a0\u00bb500px\u00a0\u00bb global_colors_info=\u00a0\u00bb{}\u00a0\u00bb][\/et_pb_divider][\/et_pb_column][et_pb_column type=\u00a0\u00bb2_3&Prime; _builder_version=\u00a0\u00bb4.27.5&Prime; _module_preset=\u00a0\u00bbdefault\u00a0\u00bb custom_padding=\u00a0\u00bb|95px||95px|false|false\u00a0\u00bb custom_padding_tablet=\u00a0\u00bb70px|50px|70px|50px|false|false\u00a0\u00bb custom_padding_phone=\u00a0\u00bb50px|20px|50px|20px|false|false\u00a0\u00bb custom_padding_last_edited=\u00a0\u00bbon|tablet\u00a0\u00bb custom_css_main_element=\u00a0\u00bbmargin: auto;\u00a0\u00bb global_colors_info=\u00a0\u00bb{}\u00a0\u00bb][et_pb_text _builder_version=\u00a0\u00bb4.27.5&Prime; _module_preset=\u00a0\u00bbdefault\u00a0\u00bb header_2_font=\u00a0\u00bbMulish|800|||||||\u00a0\u00bb header_2_text_align=\u00a0\u00bbleft\u00a0\u00bb header_2_text_color=\u00a0\u00bb#184341&Prime; header_2_font_size=\u00a0\u00bb38px\u00a0\u00bb header_2_letter_spacing=\u00a0\u00bb-1px\u00a0\u00bb header_2_line_height=\u00a0\u00bb1.2em\u00a0\u00bb header_3_font=\u00a0\u00bbMulish|800|||||||\u00a0\u00bb header_3_text_align=\u00a0\u00bbleft\u00a0\u00bb header_3_text_color=\u00a0\u00bb#184341&Prime; header_3_font_size=\u00a0\u00bb38px\u00a0\u00bb header_3_letter_spacing=\u00a0\u00bb-1px\u00a0\u00bb header_3_line_height=\u00a0\u00bb1.2em\u00a0\u00bb custom_margin=\u00a0\u00bb0px||||false|false\u00a0\u00bb custom_padding=\u00a0\u00bb0px||0px||false|false\u00a0\u00bb animation_style=\u00a0\u00bbslide\u00a0\u00bb animation_direction=\u00a0\u00bbbottom\u00a0\u00bb animation_delay=\u00a0\u00bb200ms\u00a0\u00bb header_2_font_size_tablet=\u00a0\u00bb41px\u00a0\u00bb header_2_font_size_phone=\u00a0\u00bb30px\u00a0\u00bb header_2_font_size_last_edited=\u00a0\u00bbon|phone\u00a0\u00bb header_3_font_size_tablet=\u00a0\u00bb41px\u00a0\u00bb header_3_font_size_phone=\u00a0\u00bb30px\u00a0\u00bb header_3_font_size_last_edited=\u00a0\u00bbon|phone\u00a0\u00bb global_colors_info=\u00a0\u00bb{}\u00a0\u00bb]<\/p>\n<div class=\"elementor-element elementor-element-313edcd elementor-widget elementor-widget-heading\" data-id=\"313edcd\" data-element_type=\"widget\" data-e-type=\"widget\" data-widget_type=\"heading.default\">\n<div class=\"elementor-widget-container\">\n<h3 class=\"elementor-heading-title elementor-size-default\">Elisa Amelia<\/h3>\n<\/div>\n<\/div>\n<p>[\/et_pb_text][et_pb_text _builder_version=\u00a0\u00bb4.27.5&Prime; _module_preset=\u00a0\u00bbdefault\u00a0\u00bb text_font=\u00a0\u00bb&#8211;et_global_body_font||||||||\u00a0\u00bb text_text_color=\u00a0\u00bb#3C3B39&Prime; text_font_size=\u00a0\u00bb19px\u00a0\u00bb text_line_height=\u00a0\u00bb1.4em\u00a0\u00bb custom_margin=\u00a0\u00bb0px||19px||false|false\u00a0\u00bb custom_margin_phone=\u00a0\u00bb0px||0px||false|false\u00a0\u00bb custom_margin_last_edited=\u00a0\u00bboff|desktop\u00a0\u00bb custom_padding=\u00a0\u00bb0px||0px||false|false\u00a0\u00bb global_colors_info=\u00a0\u00bb{}\u00a0\u00bb]<\/p>\n<p class=\"p1\">Dipl\u00f4m\u00e9e en \u00e9conomie et gestion, titulaire d&rsquo;un master de sp\u00e9cialisation en gestion du personnel, gouvernance clinique et gestion sanitaire, ainsi que d&rsquo;un master en commerce, marketing et gestion de projet, elle exerce la profession de consultante et de formatrice dans le domaine de la s\u00e9curit\u00e9 sur le lieu de travail (n\u00b0 d&rsquo;inscription L81). Habilit\u00e9e en tant que RSPP (responsable de la s\u00e9curit\u00e9 et de la pr\u00e9vention) pour les risques faibles, moyens et \u00e9lev\u00e9s, avec une sp\u00e9cialisation dans les secteurs du b\u00e2timent, des carri\u00e8res, de l&rsquo;agriculture et de la p\u00eache. Conseils relatifs \u00e0 l&rsquo;\u00e9laboration du DVR, du POS, du DUVRI et d&rsquo;autres documents obligatoires relatifs \u00e0 la s\u00e9curit\u00e9 au travail. Au sein du cabinet, elle s&rsquo;occupe de la gestion du personnel et du conseil en mati\u00e8re de travail et de s\u00e9curit\u00e9 (loi 81).<\/p>\n<p>[\/et_pb_text][\/et_pb_column][\/et_pb_row][et_pb_row column_structure=\u00a0\u00bb1_3,2_3&Prime; use_custom_gutter=\u00a0\u00bbon\u00a0\u00bb gutter_width=\u00a0\u00bb1&Prime; make_equal=\u00a0\u00bbon\u00a0\u00bb _builder_version=\u00a0\u00bb4.27.5&Prime; _module_preset=\u00a0\u00bbdefault\u00a0\u00bb background_color=\u00a0\u00bb#FFFFFF\u00a0\u00bb width=\u00a0\u00bb90%\u00a0\u00bb max_width=\u00a0\u00bb1170px\u00a0\u00bb custom_margin=\u00a0\u00bb3%||0px||false|false\u00a0\u00bb custom_padding=\u00a0\u00bb0px||0px||false|false\u00a0\u00bb animation_style=\u00a0\u00bbfade\u00a0\u00bb animation_delay=\u00a0\u00bb500ms\u00a0\u00bb animation_speed_curve=\u00a0\u00bbease\u00a0\u00bb global_colors_info=\u00a0\u00bb{}\u00a0\u00bb][et_pb_column type=\u00a0\u00bb1_3&Prime; _builder_version=\u00a0\u00bb4.22.0&Prime; _module_preset=\u00a0\u00bbdefault\u00a0\u00bb global_colors_info=\u00a0\u00bb{}\u00a0\u00bb][et_pb_divider show_divider=\u00a0\u00bboff\u00a0\u00bb _builder_version=\u00a0\u00bb4.27.5&Prime; _module_preset=\u00a0\u00bbdefault\u00a0\u00bb background_image=\u00a0\u00bbhttps:\/\/studioauconta.it\/wp-content\/uploads\/2026\/02\/SAVV5779-scaled.jpg\u00a0\u00bb background_position=\u00a0\u00bbtop_center\u00a0\u00bb height=\u00a0\u00bb450px\u00a0\u00bb global_colors_info=\u00a0\u00bb{}\u00a0\u00bb][\/et_pb_divider][\/et_pb_column][et_pb_column type=\u00a0\u00bb2_3&Prime; _builder_version=\u00a0\u00bb4.27.5&Prime; _module_preset=\u00a0\u00bbdefault\u00a0\u00bb custom_padding=\u00a0\u00bb|95px||95px|false|false\u00a0\u00bb custom_padding_tablet=\u00a0\u00bb70px|50px|70px|50px|false|false\u00a0\u00bb custom_padding_phone=\u00a0\u00bb50px|20px|50px|20px|false|false\u00a0\u00bb custom_padding_last_edited=\u00a0\u00bbon|tablet\u00a0\u00bb custom_css_main_element=\u00a0\u00bbmargin: auto;\u00a0\u00bb global_colors_info=\u00a0\u00bb{}\u00a0\u00bb][et_pb_text _builder_version=\u00a0\u00bb4.27.5&Prime; _module_preset=\u00a0\u00bbdefault\u00a0\u00bb header_2_font=\u00a0\u00bbMulish|800|||||||\u00a0\u00bb header_2_text_align=\u00a0\u00bbleft\u00a0\u00bb header_2_text_color=\u00a0\u00bb#184341&Prime; header_2_font_size=\u00a0\u00bb38px\u00a0\u00bb header_2_letter_spacing=\u00a0\u00bb-1px\u00a0\u00bb header_2_line_height=\u00a0\u00bb1.2em\u00a0\u00bb header_3_font=\u00a0\u00bbMulish|800|||||||\u00a0\u00bb header_3_text_align=\u00a0\u00bbleft\u00a0\u00bb header_3_text_color=\u00a0\u00bb#184341&Prime; header_3_font_size=\u00a0\u00bb38px\u00a0\u00bb header_3_letter_spacing=\u00a0\u00bb-1px\u00a0\u00bb header_3_line_height=\u00a0\u00bb1.2em\u00a0\u00bb custom_margin=\u00a0\u00bb0px||||false|false\u00a0\u00bb custom_padding=\u00a0\u00bb0px||0px||false|false\u00a0\u00bb animation_style=\u00a0\u00bbslide\u00a0\u00bb animation_direction=\u00a0\u00bbbottom\u00a0\u00bb animation_delay=\u00a0\u00bb200ms\u00a0\u00bb header_2_font_size_tablet=\u00a0\u00bb41px\u00a0\u00bb header_2_font_size_phone=\u00a0\u00bb30px\u00a0\u00bb header_2_font_size_last_edited=\u00a0\u00bbon|phone\u00a0\u00bb header_3_font_size_tablet=\u00a0\u00bb41px\u00a0\u00bb header_3_font_size_phone=\u00a0\u00bb30px\u00a0\u00bb header_3_font_size_last_edited=\u00a0\u00bbon|phone\u00a0\u00bb global_colors_info=\u00a0\u00bb{}\u00a0\u00bb]<\/p>\n<h3>Matteo Magnaghi<\/h3>\n<p>[\/et_pb_text][et_pb_text _builder_version=\u00a0\u00bb4.27.5&Prime; _module_preset=\u00a0\u00bbdefault\u00a0\u00bb text_font=\u00a0\u00bb&#8211;et_global_body_font||||||||\u00a0\u00bb text_text_color=\u00a0\u00bb#3C3B39&Prime; text_font_size=\u00a0\u00bb19px\u00a0\u00bb text_line_height=\u00a0\u00bb1.4em\u00a0\u00bb custom_margin=\u00a0\u00bb0px||19px||false|false\u00a0\u00bb custom_margin_phone=\u00a0\u00bb0px||0px||false|false\u00a0\u00bb custom_margin_last_edited=\u00a0\u00bboff|desktop\u00a0\u00bb custom_padding=\u00a0\u00bb0px||0px||false|false\u00a0\u00bb global_colors_info=\u00a0\u00bb{}\u00a0\u00bb]<\/p>\n<p class=\"p1\">Dipl\u00f4m\u00e9 en comptabilit\u00e9 et expert commercial. Il exerce en tant que fiscaliste ind\u00e9pendant, qualifi\u00e9 conform\u00e9ment \u00e0 la norme Lapet et certifi\u00e9 UNI 11511 par la Facult\u00e9. Au sein du cabinet, il s&rsquo;occupe du conseil fiscal aux petites et moyennes entreprises.<\/p>\n<p>[\/et_pb_text][\/et_pb_column][\/et_pb_row][et_pb_row column_structure=\u00a0\u00bb1_3,2_3&Prime; use_custom_gutter=\u00a0\u00bbon\u00a0\u00bb gutter_width=\u00a0\u00bb1&Prime; make_equal=\u00a0\u00bbon\u00a0\u00bb _builder_version=\u00a0\u00bb4.27.5&Prime; _module_preset=\u00a0\u00bbdefault\u00a0\u00bb background_color=\u00a0\u00bb#FFFFFF\u00a0\u00bb width=\u00a0\u00bb90%\u00a0\u00bb max_width=\u00a0\u00bb1170px\u00a0\u00bb custom_margin=\u00a0\u00bb3%||0px||false|false\u00a0\u00bb custom_padding=\u00a0\u00bb0px||0px||false|false\u00a0\u00bb animation_style=\u00a0\u00bbfade\u00a0\u00bb animation_delay=\u00a0\u00bb500ms\u00a0\u00bb animation_speed_curve=\u00a0\u00bbease\u00a0\u00bb global_colors_info=\u00a0\u00bb{}\u00a0\u00bb][et_pb_column type=\u00a0\u00bb1_3&Prime; _builder_version=\u00a0\u00bb4.22.0&Prime; _module_preset=\u00a0\u00bbdefault\u00a0\u00bb global_colors_info=\u00a0\u00bb{}\u00a0\u00bb][et_pb_divider show_divider=\u00a0\u00bboff\u00a0\u00bb _builder_version=\u00a0\u00bb4.27.5&Prime; _module_preset=\u00a0\u00bbdefault\u00a0\u00bb background_image=\u00a0\u00bbhttps:\/\/studioauconta.it\/wp-content\/uploads\/2026\/02\/SAVV6105-scaled.jpg\u00a0\u00bb background_position=\u00a0\u00bbtop_center\u00a0\u00bb height=\u00a0\u00bb450px\u00a0\u00bb global_colors_info=\u00a0\u00bb{}\u00a0\u00bb][\/et_pb_divider][\/et_pb_column][et_pb_column type=\u00a0\u00bb2_3&Prime; _builder_version=\u00a0\u00bb4.27.5&Prime; _module_preset=\u00a0\u00bbdefault\u00a0\u00bb custom_padding=\u00a0\u00bb|95px||95px|false|false\u00a0\u00bb custom_padding_tablet=\u00a0\u00bb70px|50px|70px|50px|false|false\u00a0\u00bb custom_padding_phone=\u00a0\u00bb50px|20px|50px|20px|false|false\u00a0\u00bb custom_padding_last_edited=\u00a0\u00bbon|tablet\u00a0\u00bb custom_css_main_element=\u00a0\u00bbmargin: auto;\u00a0\u00bb global_colors_info=\u00a0\u00bb{}\u00a0\u00bb][et_pb_text _builder_version=\u00a0\u00bb4.27.5&Prime; _module_preset=\u00a0\u00bbdefault\u00a0\u00bb header_2_font=\u00a0\u00bbMulish|800|||||||\u00a0\u00bb header_2_text_align=\u00a0\u00bbleft\u00a0\u00bb header_2_text_color=\u00a0\u00bb#184341&Prime; header_2_font_size=\u00a0\u00bb38px\u00a0\u00bb header_2_letter_spacing=\u00a0\u00bb-1px\u00a0\u00bb header_2_line_height=\u00a0\u00bb1.2em\u00a0\u00bb header_3_font=\u00a0\u00bbMulish|800|||||||\u00a0\u00bb header_3_text_align=\u00a0\u00bbleft\u00a0\u00bb header_3_text_color=\u00a0\u00bb#184341&Prime; header_3_font_size=\u00a0\u00bb38px\u00a0\u00bb header_3_letter_spacing=\u00a0\u00bb-1px\u00a0\u00bb header_3_line_height=\u00a0\u00bb1.2em\u00a0\u00bb custom_margin=\u00a0\u00bb0px||||false|false\u00a0\u00bb custom_padding=\u00a0\u00bb0px||0px||false|false\u00a0\u00bb animation_style=\u00a0\u00bbslide\u00a0\u00bb animation_direction=\u00a0\u00bbbottom\u00a0\u00bb animation_delay=\u00a0\u00bb200ms\u00a0\u00bb header_2_font_size_tablet=\u00a0\u00bb41px\u00a0\u00bb header_2_font_size_phone=\u00a0\u00bb30px\u00a0\u00bb header_2_font_size_last_edited=\u00a0\u00bbon|phone\u00a0\u00bb header_3_font_size_tablet=\u00a0\u00bb41px\u00a0\u00bb header_3_font_size_phone=\u00a0\u00bb30px\u00a0\u00bb header_3_font_size_last_edited=\u00a0\u00bbon|phone\u00a0\u00bb global_colors_info=\u00a0\u00bb{}\u00a0\u00bb]<\/p>\n<h3>Veronica Simbari<\/h3>\n<p>[\/et_pb_text][et_pb_text _builder_version=\u00a0\u00bb4.27.5&Prime; _module_preset=\u00a0\u00bbdefault\u00a0\u00bb text_font=\u00a0\u00bb&#8211;et_global_body_font||||||||\u00a0\u00bb text_text_color=\u00a0\u00bb#3C3B39&Prime; text_font_size=\u00a0\u00bb19px\u00a0\u00bb text_line_height=\u00a0\u00bb1.4em\u00a0\u00bb custom_margin=\u00a0\u00bb0px||19px||false|false\u00a0\u00bb custom_margin_phone=\u00a0\u00bb0px||0px||false|false\u00a0\u00bb custom_margin_last_edited=\u00a0\u00bboff|desktop\u00a0\u00bb custom_padding=\u00a0\u00bb0px||0px||false|false\u00a0\u00bb global_colors_info=\u00a0\u00bb{}\u00a0\u00bb]<\/p>\n<p class=\"p1\">Avocate en droit civil, dipl\u00f4m\u00e9e de l\u2019Universit\u00e9 de G\u00eanes et inscrite au Barreau d\u2019Imperia, experte en droit fiscal avec une sp\u00e9cialisation dans le contentieux et les relations avec l\u2019administration fiscale. Elle est vice-pr\u00e9sidente de l&rsquo;AIGA (Association italienne des jeunes avocats) de la section d&rsquo;Imperia, ainsi que membre de la CAT (Chambre des avocats fiscalistes de Ligurie). Elle a \u00e9galement approfondi ses connaissances en mati\u00e8re fiscale en suivant un master en droit fiscal. Au sein du cabinet, elle s&rsquo;occupe de l&rsquo;assistance aux particuliers et aux entreprises, en les accompagnant tant dans la phase extrajudiciaire que judiciaire, et en offrant un soutien op\u00e9rationnel pour la protection concr\u00e8te des int\u00e9r\u00eats du client.<\/p>\n<p>[\/et_pb_text][\/et_pb_column][\/et_pb_row][et_pb_row column_structure=\u00a0\u00bb1_3,2_3&Prime; use_custom_gutter=\u00a0\u00bbon\u00a0\u00bb gutter_width=\u00a0\u00bb1&Prime; make_equal=\u00a0\u00bbon\u00a0\u00bb _builder_version=\u00a0\u00bb4.27.5&Prime; _module_preset=\u00a0\u00bbdefault\u00a0\u00bb background_color=\u00a0\u00bb#FFFFFF\u00a0\u00bb width=\u00a0\u00bb90%\u00a0\u00bb max_width=\u00a0\u00bb1170px\u00a0\u00bb custom_margin=\u00a0\u00bb3%||0px||false|false\u00a0\u00bb custom_padding=\u00a0\u00bb0px||0px||false|false\u00a0\u00bb animation_style=\u00a0\u00bbfade\u00a0\u00bb animation_delay=\u00a0\u00bb500ms\u00a0\u00bb animation_speed_curve=\u00a0\u00bbease\u00a0\u00bb global_colors_info=\u00a0\u00bb{}\u00a0\u00bb][et_pb_column type=\u00a0\u00bb1_3&Prime; _builder_version=\u00a0\u00bb4.22.0&Prime; _module_preset=\u00a0\u00bbdefault\u00a0\u00bb global_colors_info=\u00a0\u00bb{}\u00a0\u00bb][et_pb_divider show_divider=\u00a0\u00bboff\u00a0\u00bb _builder_version=\u00a0\u00bb4.27.5&Prime; _module_preset=\u00a0\u00bbdefault\u00a0\u00bb background_image=\u00a0\u00bbhttps:\/\/studioauconta.it\/wp-content\/uploads\/2026\/02\/SAVV5730-scaled.jpg\u00a0\u00bb background_position=\u00a0\u00bbtop_center\u00a0\u00bb height=\u00a0\u00bb450px\u00a0\u00bb global_colors_info=\u00a0\u00bb{}\u00a0\u00bb][\/et_pb_divider][\/et_pb_column][et_pb_column type=\u00a0\u00bb2_3&Prime; _builder_version=\u00a0\u00bb4.27.5&Prime; _module_preset=\u00a0\u00bbdefault\u00a0\u00bb custom_padding=\u00a0\u00bb|95px||95px|false|false\u00a0\u00bb custom_padding_tablet=\u00a0\u00bb70px|50px|70px|50px|false|false\u00a0\u00bb custom_padding_phone=\u00a0\u00bb50px|20px|50px|20px|false|false\u00a0\u00bb custom_padding_last_edited=\u00a0\u00bbon|tablet\u00a0\u00bb custom_css_main_element=\u00a0\u00bbmargin: auto;\u00a0\u00bb global_colors_info=\u00a0\u00bb{}\u00a0\u00bb][et_pb_text _builder_version=\u00a0\u00bb4.27.5&Prime; _module_preset=\u00a0\u00bbdefault\u00a0\u00bb header_2_font=\u00a0\u00bbMulish|800|||||||\u00a0\u00bb header_2_text_align=\u00a0\u00bbleft\u00a0\u00bb header_2_text_color=\u00a0\u00bb#184341&Prime; header_2_font_size=\u00a0\u00bb38px\u00a0\u00bb header_2_letter_spacing=\u00a0\u00bb-1px\u00a0\u00bb header_2_line_height=\u00a0\u00bb1.2em\u00a0\u00bb header_3_font=\u00a0\u00bbMulish|800|||||||\u00a0\u00bb header_3_text_align=\u00a0\u00bbleft\u00a0\u00bb header_3_text_color=\u00a0\u00bb#184341&Prime; header_3_font_size=\u00a0\u00bb38px\u00a0\u00bb header_3_letter_spacing=\u00a0\u00bb-1px\u00a0\u00bb header_3_line_height=\u00a0\u00bb1.2em\u00a0\u00bb custom_margin=\u00a0\u00bb0px||||false|false\u00a0\u00bb custom_padding=\u00a0\u00bb0px||0px||false|false\u00a0\u00bb animation_style=\u00a0\u00bbslide\u00a0\u00bb animation_direction=\u00a0\u00bbbottom\u00a0\u00bb animation_delay=\u00a0\u00bb200ms\u00a0\u00bb header_2_font_size_tablet=\u00a0\u00bb41px\u00a0\u00bb header_2_font_size_phone=\u00a0\u00bb30px\u00a0\u00bb header_2_font_size_last_edited=\u00a0\u00bbon|phone\u00a0\u00bb header_3_font_size_tablet=\u00a0\u00bb41px\u00a0\u00bb header_3_font_size_phone=\u00a0\u00bb30px\u00a0\u00bb header_3_font_size_last_edited=\u00a0\u00bbon|phone\u00a0\u00bb global_colors_info=\u00a0\u00bb{}\u00a0\u00bb]<\/p>\n<h3>Simona Oliva<\/h3>\n<p>[\/et_pb_text][et_pb_text _builder_version=\u00a0\u00bb4.27.5&Prime; _module_preset=\u00a0\u00bbdefault\u00a0\u00bb text_font=\u00a0\u00bb&#8211;et_global_body_font||||||||\u00a0\u00bb text_text_color=\u00a0\u00bb#3C3B39&Prime; text_font_size=\u00a0\u00bb19px\u00a0\u00bb text_line_height=\u00a0\u00bb1.4em\u00a0\u00bb custom_margin=\u00a0\u00bb0px||19px||false|false\u00a0\u00bb custom_margin_phone=\u00a0\u00bb0px||0px||false|false\u00a0\u00bb custom_margin_last_edited=\u00a0\u00bboff|desktop\u00a0\u00bb custom_padding=\u00a0\u00bb0px||0px||false|false\u00a0\u00bb global_colors_info=\u00a0\u00bb{}\u00a0\u00bb]<\/p>\n<p class=\"p1\">N\u00e9e en 1981, elle fait partie de l&rsquo;\u00e9quipe de conseil en droit du travail et s&rsquo;occupe de la pr\u00e9paration et de l&rsquo;\u00e9laboration des fiches de paie, des attestations de formation en s\u00e9curit\u00e9 au travail, du recrutement du personnel et des d\u00e9marches relatives aux aides financi\u00e8res.<\/p>\n<p>[\/et_pb_text][\/et_pb_column][\/et_pb_row][et_pb_row column_structure=\u00a0\u00bb1_3,2_3&Prime; use_custom_gutter=\u00a0\u00bbon\u00a0\u00bb gutter_width=\u00a0\u00bb1&Prime; make_equal=\u00a0\u00bbon\u00a0\u00bb _builder_version=\u00a0\u00bb4.27.5&Prime; _module_preset=\u00a0\u00bbdefault\u00a0\u00bb background_color=\u00a0\u00bb#FFFFFF\u00a0\u00bb width=\u00a0\u00bb90%\u00a0\u00bb max_width=\u00a0\u00bb1170px\u00a0\u00bb custom_margin=\u00a0\u00bb3%||0px||false|false\u00a0\u00bb custom_padding=\u00a0\u00bb0px||0px||false|false\u00a0\u00bb animation_style=\u00a0\u00bbfade\u00a0\u00bb animation_delay=\u00a0\u00bb500ms\u00a0\u00bb animation_speed_curve=\u00a0\u00bbease\u00a0\u00bb global_colors_info=\u00a0\u00bb{}\u00a0\u00bb][et_pb_column type=\u00a0\u00bb1_3&Prime; _builder_version=\u00a0\u00bb4.22.0&Prime; _module_preset=\u00a0\u00bbdefault\u00a0\u00bb global_colors_info=\u00a0\u00bb{}\u00a0\u00bb][et_pb_divider show_divider=\u00a0\u00bboff\u00a0\u00bb _builder_version=\u00a0\u00bb4.27.5&Prime; _module_preset=\u00a0\u00bbdefault\u00a0\u00bb background_image=\u00a0\u00bbhttps:\/\/studioauconta.it\/wp-content\/uploads\/2026\/02\/SAVV6147-scaled.jpg\u00a0\u00bb background_position=\u00a0\u00bbtop_center\u00a0\u00bb height=\u00a0\u00bb500px\u00a0\u00bb global_colors_info=\u00a0\u00bb{}\u00a0\u00bb][\/et_pb_divider][\/et_pb_column][et_pb_column type=\u00a0\u00bb2_3&Prime; _builder_version=\u00a0\u00bb4.27.5&Prime; _module_preset=\u00a0\u00bbdefault\u00a0\u00bb custom_padding=\u00a0\u00bb|95px||95px|false|false\u00a0\u00bb custom_padding_tablet=\u00a0\u00bb70px|50px|70px|50px|false|false\u00a0\u00bb custom_padding_phone=\u00a0\u00bb50px|20px|50px|20px|false|false\u00a0\u00bb custom_padding_last_edited=\u00a0\u00bbon|tablet\u00a0\u00bb custom_css_main_element=\u00a0\u00bbmargin: auto;\u00a0\u00bb global_colors_info=\u00a0\u00bb{}\u00a0\u00bb][et_pb_text _builder_version=\u00a0\u00bb4.27.5&Prime; _module_preset=\u00a0\u00bbdefault\u00a0\u00bb header_2_font=\u00a0\u00bbMulish|800|||||||\u00a0\u00bb header_2_text_align=\u00a0\u00bbleft\u00a0\u00bb header_2_text_color=\u00a0\u00bb#184341&Prime; header_2_font_size=\u00a0\u00bb38px\u00a0\u00bb header_2_letter_spacing=\u00a0\u00bb-1px\u00a0\u00bb header_2_line_height=\u00a0\u00bb1.2em\u00a0\u00bb header_3_font=\u00a0\u00bbMulish|800|||||||\u00a0\u00bb header_3_text_align=\u00a0\u00bbleft\u00a0\u00bb header_3_text_color=\u00a0\u00bb#184341&Prime; header_3_font_size=\u00a0\u00bb38px\u00a0\u00bb header_3_letter_spacing=\u00a0\u00bb-1px\u00a0\u00bb header_3_line_height=\u00a0\u00bb1.2em\u00a0\u00bb custom_margin=\u00a0\u00bb0px||||false|false\u00a0\u00bb custom_padding=\u00a0\u00bb0px||0px||false|false\u00a0\u00bb animation_style=\u00a0\u00bbslide\u00a0\u00bb animation_direction=\u00a0\u00bbbottom\u00a0\u00bb animation_delay=\u00a0\u00bb200ms\u00a0\u00bb header_2_font_size_tablet=\u00a0\u00bb41px\u00a0\u00bb header_2_font_size_phone=\u00a0\u00bb30px\u00a0\u00bb header_2_font_size_last_edited=\u00a0\u00bbon|phone\u00a0\u00bb header_3_font_size_tablet=\u00a0\u00bb41px\u00a0\u00bb header_3_font_size_phone=\u00a0\u00bb30px\u00a0\u00bb header_3_font_size_last_edited=\u00a0\u00bbon|phone\u00a0\u00bb global_colors_info=\u00a0\u00bb{}\u00a0\u00bb]<\/p>\n<div class=\"elementor-element elementor-element-313edcd elementor-widget elementor-widget-heading\" data-id=\"313edcd\" data-element_type=\"widget\" data-e-type=\"widget\" data-widget_type=\"heading.default\">\n<div class=\"elementor-widget-container\">\n<h3 class=\"elementor-heading-title elementor-size-default\">Morena Giamp\u00e0<\/h3>\n<\/div>\n<\/div>\n<p>[\/et_pb_text][et_pb_text _builder_version=\u00a0\u00bb4.27.5&Prime; _module_preset=\u00a0\u00bbdefault\u00a0\u00bb text_font=\u00a0\u00bb&#8211;et_global_body_font||||||||\u00a0\u00bb text_text_color=\u00a0\u00bb#3C3B39&Prime; text_font_size=\u00a0\u00bb19px\u00a0\u00bb text_line_height=\u00a0\u00bb1.4em\u00a0\u00bb custom_margin=\u00a0\u00bb0px||19px||false|false\u00a0\u00bb custom_margin_phone=\u00a0\u00bb0px||0px||false|false\u00a0\u00bb custom_margin_last_edited=\u00a0\u00bboff|desktop\u00a0\u00bb custom_padding=\u00a0\u00bb0px||0px||false|false\u00a0\u00bb global_colors_info=\u00a0\u00bb{}\u00a0\u00bb]<\/p>\n<p class=\"p1\">N\u00e9e en 1989, elle fait partie de l&rsquo;\u00e9quipe comptabilit\u00e9 et bilan et s&rsquo;occupe du conseil et de la gestion des soci\u00e9t\u00e9s de capitaux. Forte de plusieurs ann\u00e9es d&rsquo;exp\u00e9rience au sein de cabinets de conseil, elle est charg\u00e9e, au sein de notre cabinet, de la gestion et des obligations fiscales relatives aux soci\u00e9t\u00e9s de capitaux.<\/p>\n<p>[\/et_pb_text][\/et_pb_column][\/et_pb_row][et_pb_row column_structure=\u00a0\u00bb1_3,2_3&Prime; use_custom_gutter=\u00a0\u00bbon\u00a0\u00bb gutter_width=\u00a0\u00bb1&Prime; make_equal=\u00a0\u00bbon\u00a0\u00bb _builder_version=\u00a0\u00bb4.27.5&Prime; _module_preset=\u00a0\u00bbdefault\u00a0\u00bb background_color=\u00a0\u00bb#FFFFFF\u00a0\u00bb width=\u00a0\u00bb90%\u00a0\u00bb max_width=\u00a0\u00bb1170px\u00a0\u00bb custom_margin=\u00a0\u00bb3%||0px||false|false\u00a0\u00bb custom_padding=\u00a0\u00bb0px||0px||false|false\u00a0\u00bb animation_style=\u00a0\u00bbfade\u00a0\u00bb animation_delay=\u00a0\u00bb500ms\u00a0\u00bb animation_speed_curve=\u00a0\u00bbease\u00a0\u00bb global_colors_info=\u00a0\u00bb{}\u00a0\u00bb][et_pb_column type=\u00a0\u00bb1_3&Prime; _builder_version=\u00a0\u00bb4.22.0&Prime; _module_preset=\u00a0\u00bbdefault\u00a0\u00bb global_colors_info=\u00a0\u00bb{}\u00a0\u00bb][et_pb_divider show_divider=\u00a0\u00bboff\u00a0\u00bb _builder_version=\u00a0\u00bb4.27.5&Prime; _module_preset=\u00a0\u00bbdefault\u00a0\u00bb background_image=\u00a0\u00bbhttps:\/\/studioauconta.it\/wp-content\/uploads\/2026\/02\/SAVV5895-scaled.jpg\u00a0\u00bb background_position=\u00a0\u00bbtop_center\u00a0\u00bb height=\u00a0\u00bb450px\u00a0\u00bb global_colors_info=\u00a0\u00bb{}\u00a0\u00bb][\/et_pb_divider][\/et_pb_column][et_pb_column type=\u00a0\u00bb2_3&Prime; _builder_version=\u00a0\u00bb4.27.5&Prime; _module_preset=\u00a0\u00bbdefault\u00a0\u00bb custom_padding=\u00a0\u00bb|95px||95px|false|false\u00a0\u00bb custom_padding_tablet=\u00a0\u00bb70px|50px|70px|50px|false|false\u00a0\u00bb custom_padding_phone=\u00a0\u00bb50px|20px|50px|20px|false|false\u00a0\u00bb custom_padding_last_edited=\u00a0\u00bbon|tablet\u00a0\u00bb custom_css_main_element=\u00a0\u00bbmargin: auto;\u00a0\u00bb global_colors_info=\u00a0\u00bb{}\u00a0\u00bb][et_pb_text _builder_version=\u00a0\u00bb4.27.5&Prime; _module_preset=\u00a0\u00bbdefault\u00a0\u00bb header_2_font=\u00a0\u00bbMulish|800|||||||\u00a0\u00bb header_2_text_align=\u00a0\u00bbleft\u00a0\u00bb header_2_text_color=\u00a0\u00bb#184341&Prime; header_2_font_size=\u00a0\u00bb38px\u00a0\u00bb header_2_letter_spacing=\u00a0\u00bb-1px\u00a0\u00bb header_2_line_height=\u00a0\u00bb1.2em\u00a0\u00bb header_3_font=\u00a0\u00bbMulish|800|||||||\u00a0\u00bb header_3_text_align=\u00a0\u00bbleft\u00a0\u00bb header_3_text_color=\u00a0\u00bb#184341&Prime; header_3_font_size=\u00a0\u00bb38px\u00a0\u00bb header_3_letter_spacing=\u00a0\u00bb-1px\u00a0\u00bb header_3_line_height=\u00a0\u00bb1.2em\u00a0\u00bb custom_margin=\u00a0\u00bb0px||||false|false\u00a0\u00bb custom_padding=\u00a0\u00bb0px||0px||false|false\u00a0\u00bb animation_style=\u00a0\u00bbslide\u00a0\u00bb animation_direction=\u00a0\u00bbbottom\u00a0\u00bb animation_delay=\u00a0\u00bb200ms\u00a0\u00bb header_2_font_size_tablet=\u00a0\u00bb41px\u00a0\u00bb header_2_font_size_phone=\u00a0\u00bb30px\u00a0\u00bb header_2_font_size_last_edited=\u00a0\u00bbon|phone\u00a0\u00bb header_3_font_size_tablet=\u00a0\u00bb41px\u00a0\u00bb header_3_font_size_phone=\u00a0\u00bb30px\u00a0\u00bb header_3_font_size_last_edited=\u00a0\u00bbon|phone\u00a0\u00bb global_colors_info=\u00a0\u00bb{}\u00a0\u00bb]<\/p>\n<h3>Giorgia Scappatura<\/h3>\n<p>[\/et_pb_text][et_pb_text _builder_version=\u00a0\u00bb4.27.5&Prime; _module_preset=\u00a0\u00bbdefault\u00a0\u00bb text_font=\u00a0\u00bb&#8211;et_global_body_font||||||||\u00a0\u00bb text_text_color=\u00a0\u00bb#3C3B39&Prime; text_font_size=\u00a0\u00bb19px\u00a0\u00bb text_line_height=\u00a0\u00bb1.4em\u00a0\u00bb custom_margin=\u00a0\u00bb0px||19px||false|false\u00a0\u00bb custom_margin_phone=\u00a0\u00bb0px||0px||false|false\u00a0\u00bb custom_margin_last_edited=\u00a0\u00bboff|desktop\u00a0\u00bb custom_padding=\u00a0\u00bb0px||0px||false|false\u00a0\u00bb global_colors_info=\u00a0\u00bb{}\u00a0\u00bb]<\/p>\n<p class=\"p1\">N\u00e9e en 2001, elle a rejoint notre \u00e9quipe o\u00f9 elle s&rsquo;occupe du conseil aux soci\u00e9t\u00e9s de capitaux et aux soci\u00e9t\u00e9s de personnes. Elle est \u00e9galement charg\u00e9e de l&rsquo;ouverture et de la cl\u00f4ture des dossiers des soci\u00e9t\u00e9s aupr\u00e8s des services comp\u00e9tents.<\/p>\n<p>[\/et_pb_text][\/et_pb_column][\/et_pb_row][et_pb_row column_structure=\u00a0\u00bb1_3,2_3&Prime; use_custom_gutter=\u00a0\u00bbon\u00a0\u00bb gutter_width=\u00a0\u00bb1&Prime; make_equal=\u00a0\u00bbon\u00a0\u00bb _builder_version=\u00a0\u00bb4.27.5&Prime; _module_preset=\u00a0\u00bbdefault\u00a0\u00bb background_color=\u00a0\u00bb#FFFFFF\u00a0\u00bb width=\u00a0\u00bb90%\u00a0\u00bb max_width=\u00a0\u00bb1170px\u00a0\u00bb custom_margin=\u00a0\u00bb3%||0px||false|false\u00a0\u00bb custom_padding=\u00a0\u00bb0px||0px||false|false\u00a0\u00bb animation_style=\u00a0\u00bbfade\u00a0\u00bb animation_delay=\u00a0\u00bb500ms\u00a0\u00bb animation_speed_curve=\u00a0\u00bbease\u00a0\u00bb global_colors_info=\u00a0\u00bb{}\u00a0\u00bb][et_pb_column type=\u00a0\u00bb1_3&Prime; _builder_version=\u00a0\u00bb4.22.0&Prime; _module_preset=\u00a0\u00bbdefault\u00a0\u00bb global_colors_info=\u00a0\u00bb{}\u00a0\u00bb][et_pb_divider show_divider=\u00a0\u00bboff\u00a0\u00bb _builder_version=\u00a0\u00bb4.27.5&Prime; _module_preset=\u00a0\u00bbdefault\u00a0\u00bb background_image=\u00a0\u00bbhttps:\/\/studioauconta.it\/wp-content\/uploads\/2026\/02\/SAVV5992-scaled.jpg\u00a0\u00bb background_position=\u00a0\u00bbtop_center\u00a0\u00bb height=\u00a0\u00bb500px\u00a0\u00bb global_colors_info=\u00a0\u00bb{}\u00a0\u00bb][\/et_pb_divider][\/et_pb_column][et_pb_column type=\u00a0\u00bb2_3&Prime; _builder_version=\u00a0\u00bb4.27.5&Prime; _module_preset=\u00a0\u00bbdefault\u00a0\u00bb custom_padding=\u00a0\u00bb|95px||95px|false|false\u00a0\u00bb custom_padding_tablet=\u00a0\u00bb70px|50px|70px|50px|false|false\u00a0\u00bb custom_padding_phone=\u00a0\u00bb50px|20px|50px|20px|false|false\u00a0\u00bb custom_padding_last_edited=\u00a0\u00bbon|tablet\u00a0\u00bb custom_css_main_element=\u00a0\u00bbmargin: auto;\u00a0\u00bb global_colors_info=\u00a0\u00bb{}\u00a0\u00bb][et_pb_text _builder_version=\u00a0\u00bb4.27.5&Prime; _module_preset=\u00a0\u00bbdefault\u00a0\u00bb header_2_font=\u00a0\u00bbMulish|800|||||||\u00a0\u00bb header_2_text_align=\u00a0\u00bbleft\u00a0\u00bb header_2_text_color=\u00a0\u00bb#184341&Prime; header_2_font_size=\u00a0\u00bb38px\u00a0\u00bb header_2_letter_spacing=\u00a0\u00bb-1px\u00a0\u00bb header_2_line_height=\u00a0\u00bb1.2em\u00a0\u00bb header_3_font=\u00a0\u00bbMulish|800|||||||\u00a0\u00bb header_3_text_align=\u00a0\u00bbleft\u00a0\u00bb header_3_text_color=\u00a0\u00bb#184341&Prime; header_3_font_size=\u00a0\u00bb38px\u00a0\u00bb header_3_letter_spacing=\u00a0\u00bb-1px\u00a0\u00bb header_3_line_height=\u00a0\u00bb1.2em\u00a0\u00bb custom_margin=\u00a0\u00bb0px||||false|false\u00a0\u00bb custom_padding=\u00a0\u00bb0px||0px||false|false\u00a0\u00bb animation_style=\u00a0\u00bbslide\u00a0\u00bb animation_direction=\u00a0\u00bbbottom\u00a0\u00bb animation_delay=\u00a0\u00bb200ms\u00a0\u00bb header_2_font_size_tablet=\u00a0\u00bb41px\u00a0\u00bb header_2_font_size_phone=\u00a0\u00bb30px\u00a0\u00bb header_2_font_size_last_edited=\u00a0\u00bbon|phone\u00a0\u00bb header_3_font_size_tablet=\u00a0\u00bb41px\u00a0\u00bb header_3_font_size_phone=\u00a0\u00bb30px\u00a0\u00bb header_3_font_size_last_edited=\u00a0\u00bbon|phone\u00a0\u00bb global_colors_info=\u00a0\u00bb{}\u00a0\u00bb]<\/p>\n<div class=\"elementor-element elementor-element-313edcd elementor-widget elementor-widget-heading\" data-id=\"313edcd\" data-element_type=\"widget\" data-e-type=\"widget\" data-widget_type=\"heading.default\">\n<div class=\"elementor-widget-container\">\n<h3 class=\"elementor-heading-title elementor-size-default\">C\u00e9line Haond<\/h3>\n<\/div>\n<\/div>\n<p>[\/et_pb_text][et_pb_text _builder_version=\u00a0\u00bb4.27.5&Prime; _module_preset=\u00a0\u00bbdefault\u00a0\u00bb text_font=\u00a0\u00bb&#8211;et_global_body_font||||||||\u00a0\u00bb text_text_color=\u00a0\u00bb#3C3B39&Prime; text_font_size=\u00a0\u00bb19px\u00a0\u00bb text_line_height=\u00a0\u00bb1.4em\u00a0\u00bb custom_margin=\u00a0\u00bb0px||19px||false|false\u00a0\u00bb custom_margin_phone=\u00a0\u00bb0px||0px||false|false\u00a0\u00bb custom_margin_last_edited=\u00a0\u00bboff|desktop\u00a0\u00bb custom_padding=\u00a0\u00bb0px||0px||false|false\u00a0\u00bb global_colors_info=\u00a0\u00bb{}\u00a0\u00bb]<\/p>\n<p class=\"p1\">N\u00e9e en France, elle a \u00e9tudi\u00e9 \u00e0 Chamb\u00e9ry \u00e0 l\u2019Universit\u00e9 de Savoie. Apr\u00e8s avoir obtenu deux dipl\u00f4mes en langues (sp\u00e9cialisation en commerce international, droit et sciences de l\u2019\u00e9ducation) et un master en gestion, elle a obtenu le titre d\u2019\u00ab Ing\u00e9nieur-Ma\u00eetre \u00bb. Traductrice-interpr\u00e8te et professeure de langues, elle a d\u00e9but\u00e9 sa carri\u00e8re \u00e0 Rome en 2000 avant de se consacrer \u00e0 Monaco \u00e0 partir de 2002. C\u00e9line est \u00e9galement traductrice asserment\u00e9e aupr\u00e8s de la Cour d\u2019appel de la Principaut\u00e9 de Monaco et est, par ailleurs, membre fondatrice et ancienne vice-pr\u00e9sidente d\u2019honneur de la Chambre des traducteurs et interpr\u00e8tes de Monaco (C.T.I.M.). Au sein du cabinet, elle assure le soutien linguistique dans les relations entre le cabinet et ses clients.<\/p>\n<p>[\/et_pb_text][\/et_pb_column][\/et_pb_row][\/et_pb_section][et_pb_section fb_built=\u00a0\u00bb1&Prime; custom_padding_last_edited=\u00a0\u00bbon|phone\u00a0\u00bb _builder_version=\u00a0\u00bb4.27.5&Prime; _module_preset=\u00a0\u00bbdefault\u00a0\u00bb use_background_color_gradient=\u00a0\u00bbon\u00a0\u00bb background_color_gradient_stops=\u00a0\u00bbrgba(5,26,28,0.91) 0%|rgba(7,38,38,0.77) 100%\u00a0\u00bb background_color_gradient_overlays_image=\u00a0\u00bbon\u00a0\u00bb background_image=\u00a0\u00bbhttps:\/\/studioauconta.it\/wp-content\/uploads\/2026\/02\/foto.jpg\u00a0\u00bb custom_margin=\u00a0\u00bb0px||0px||false|false\u00a0\u00bb custom_padding=\u00a0\u00bb110px||110px||false|false\u00a0\u00bb custom_padding_tablet=\u00a0\u00bb110px||110px||false|false\u00a0\u00bb custom_padding_phone=\u00a0\u00bb80px||80px||false|false\u00a0\u00bb global_colors_info=\u00a0\u00bb{}\u00a0\u00bb][et_pb_row _builder_version=\u00a0\u00bb4.17.3&Prime; _module_preset=\u00a0\u00bbdefault\u00a0\u00bb width=\u00a0\u00bb90%\u00a0\u00bb max_width=\u00a0\u00bb1140px\u00a0\u00bb custom_margin=\u00a0\u00bb0px||0px||false|false\u00a0\u00bb custom_padding=\u00a0\u00bb0px||0px||false|false\u00a0\u00bb global_colors_info=\u00a0\u00bb{}\u00a0\u00bb][et_pb_column type=\u00a0\u00bb4_4&Prime; _builder_version=\u00a0\u00bb4.17.3&Prime; _module_preset=\u00a0\u00bbdefault\u00a0\u00bb global_colors_info=\u00a0\u00bb{}\u00a0\u00bb][et_pb_text _builder_version=\u00a0\u00bb4.27.5&Prime; _module_preset=\u00a0\u00bbdefault\u00a0\u00bb header_2_font=\u00a0\u00bbMulish|800|||||||\u00a0\u00bb header_2_text_align=\u00a0\u00bbcenter\u00a0\u00bb header_2_text_color=\u00a0\u00bb#FFFFFF\u00a0\u00bb header_2_font_size=\u00a0\u00bb50px\u00a0\u00bb header_2_letter_spacing=\u00a0\u00bb-1px\u00a0\u00bb header_2_line_height=\u00a0\u00bb1.3em\u00a0\u00bb max_width=\u00a0\u00bb800px\u00a0\u00bb module_alignment=\u00a0\u00bbcenter\u00a0\u00bb custom_margin=\u00a0\u00bb0px||10px||false|false\u00a0\u00bb custom_padding=\u00a0\u00bb0px||0px||false|false\u00a0\u00bb animation_style=\u00a0\u00bbfade\u00a0\u00bb animation_duration=\u00a0\u00bb850ms\u00a0\u00bb header_2_font_size_tablet=\u00a0\u00bb40px\u00a0\u00bb header_2_font_size_phone=\u00a0\u00bb28px\u00a0\u00bb header_2_font_size_last_edited=\u00a0\u00bbon|phone\u00a0\u00bb global_colors_info=\u00a0\u00bb{}\u00a0\u00bb]<\/p>\n<h2>Toutes les r\u00e9ponses que vous cherchez, aupr\u00e8s d\u2019un seul partenaire sp\u00e9cialis\u00e9<\/h2>\n<p>[\/et_pb_text][\/et_pb_column][\/et_pb_row][\/et_pb_section]<\/p>\n","protected":false},"excerpt":{"rendered":"<p>Tradition comptable,vision contemporaineD\u00e9couvrez l&rsquo;histoire et les valeurs du cabinet Auconta : une \u00e9quipe de professionnels d\u00e9di\u00e9e \u00e0 la croissance et \u00e0 la s\u00e9curit\u00e9 de votre entreprise gr\u00e2ce \u00e0 un service de conseils int\u00e9gr\u00e9s et innovants.Un cabinet uniqueLe cabinet Auconta est un cabinet professionnel reconnu qui fournit des services fiscaux et de conseil multidisciplinaires. Bas\u00e9 \u00e0 [&hellip;]<\/p>\n","protected":false},"author":1,"featured_media":0,"parent":0,"menu_order":0,"comment_status":"closed","ping_status":"closed","template":"","meta":{"_et_pb_use_builder":"on","_et_pb_old_content":"","_et_gb_content_width":"","_joinchat":[],"footnotes":""},"class_list":["post-83325","page","type-page","status-publish","hentry"],"aioseo_notices":[],"_links":{"self":[{"href":"https:\/\/studioauconta.it\/fr\/wp-json\/wp\/v2\/pages\/83325","targetHints":{"allow":["GET"]}}],"collection":[{"href":"https:\/\/studioauconta.it\/fr\/wp-json\/wp\/v2\/pages"}],"about":[{"href":"https:\/\/studioauconta.it\/fr\/wp-json\/wp\/v2\/types\/page"}],"author":[{"embeddable":true,"href":"https:\/\/studioauconta.it\/fr\/wp-json\/wp\/v2\/users\/1"}],"replies":[{"embeddable":true,"href":"https:\/\/studioauconta.it\/fr\/wp-json\/wp\/v2\/comments?post=83325"}],"version-history":[{"count":3,"href":"https:\/\/studioauconta.it\/fr\/wp-json\/wp\/v2\/pages\/83325\/revisions"}],"predecessor-version":[{"id":83359,"href":"https:\/\/studioauconta.it\/fr\/wp-json\/wp\/v2\/pages\/83325\/revisions\/83359"}],"wp:attachment":[{"href":"https:\/\/studioauconta.it\/fr\/wp-json\/wp\/v2\/media?parent=83325"}],"curies":[{"name":"wp","href":"https:\/\/api.w.org\/{rel}","templated":true}]}}